{"id":1133,"date":"2018-10-16T11:11:06","date_gmt":"2018-10-16T09:11:06","guid":{"rendered":"https:\/\/elscamins.cat\/?page_id=1133"},"modified":"2023-10-02T11:26:00","modified_gmt":"2023-10-02T09:26:00","slug":"inici","status":"publish","type":"page","link":"https:\/\/elscamins.cat\/es\/","title":{"rendered":"Inicio"},"content":{"rendered":"<h1>Velamos por vuestro bienestar<\/h1>\n<p>\n    <a href=\"\/es\/nosaltres\/\">Nosotros<\/a>\n<\/p>\n<div>\n<p>C\u00f3digo Registro de Centros, Servicios y Establecimentos Sanitarios del Departament de Salut: E08606909<\/p>\n<\/div>\n<p><img decoding=\"async\" src=\"\/wp-content\/uploads\/Portada-castella-Joan-Turu.png\" alt=\"Camins - Barcelona\"><br \/>\n<img decoding=\"async\" src=\"\/wp-content\/uploads\/home-nena-camins.png\" alt=\"\"><\/p>\n<hr>\n<h2>NUESTROS SERVICIOS<\/h2>\n<ul>\n<li>\n<p>        <img decoding=\"async\" src=\"\/wp-content\/uploads\/LOGOPEDIA_COLOR.jpg\" alt=\"LOGOPEDIA Barcelona\"><\/p>\n<p><img decoding=\"async\" src=\"\/wp-content\/uploads\/LOGOPEDIA_VERDE.jpg\" alt=\"\"><\/p>\n<h3>LOGOPEDIA<\/h3>\n<p><a href=\"\/es\/servicios\/logopedia\/\"><\/a><\/p>\n<\/li>\n<li>\n<p>        <img decoding=\"async\" src=\"\/wp-content\/uploads\/PSICOLOGIA_COLOR.jpg\" alt=\"PSICOLOGIA INFANTIL BARCELONA\"><\/p>\n<p><img decoding=\"async\" src=\"\/wp-content\/uploads\/PSICOLOGIA_VERD.jpg\" alt=\"\"><\/p>\n<h3>PSICOLOG\u00cdA<\/h3>\n<p><a href=\"\/es\/servicios\/psicologia\/\"><\/a><\/p>\n<\/li>\n<li>\n<p>        <img decoding=\"async\" src=\"\/wp-content\/uploads\/SERVEIS-ESTRATEGICS-3.jpg\" alt=\"PSICOPEDAGOGIA BARCELONA\"><\/p>\n<p><img decoding=\"async\" src=\"\/wp-content\/uploads\/SERVEIS-ESTRATEGICS-VERD-2.jpg\" alt=\"\"><\/p>\n<h3>ESTRATEGIAS DE APRENDIZAJE<\/h3>\n<p><a href=\"\/es\/servicios\/estrategias-aprendizaje\/\"><\/a><\/p>\n<\/li>\n<\/ul>\n<h2>C\u00f3mo lo hacemos<\/h2>\n<h3>Talante\u00a0cercano, profesional e implicado.<\/h3>\n<div>\n<p>Para hacer que el aprendizaje y evoluci\u00f3n de cada ni\u00f1o funcione correctamente.<\/p>\n<\/div>\n<p>\n    <a href=\"\/es\/metodologia\/\">Metodolog\u00eda<\/a>\n<\/p>\n<div>\n<p>        <img decoding=\"async\" src=\"\/wp-content\/uploads\/home-metodologia.jpg\" alt=\"\"><\/p>\n<p><a href=\"\/metodologia\/\"><\/a><\/p>\n<\/div>\n<ul>\n<li>\n<h3> Descuentos para familias<\/h3>\n<div>\n<p>Pod\u00e9is disfrutar de descuentos especiales por familia numerosa, monoparental, desempleo, disminuci\u00f3n o hermanos. Preg\u00fantanos.<\/p>\n<\/div>\n<\/li>\n<li>\n<h3> Uso de nuevas tecnolog\u00edas<\/h3>\n<div>\n<p>App&#8217;s de tablets y software para mejorar la calidad de aprendizaje y apoyo.<\/p>\n<\/div>\n<\/li>\n<li>\n<h3>Atenci\u00f3n personalizada<\/h3>\n<div>\n<p>Cada ni\u00f1o tiene su ritmo y su manera de alcanzar los conocimientos.\u00a0Por ello, hacemos planes individualizados de servicio y acompa\u00f1amiento seg\u00fan las necesidades de cada momento.<\/p>\n<\/div>\n<\/li>\n<\/ul>\n<hr>\n<h2><span class=\"uk-text-primary\">Actividades <\/span> <\/h2>\n<div>\n<p>\u00a0<\/p>\n<p>No te pierdas las actividades que organizamos para aumentar las habilidades sociales y mejorar la gesti\u00f3n de las emociones.<\/p>\n<p><strong>\u00a1Inscripciones abiertas!<\/strong><\/p>\n<\/div>\n<ul>\n<li>\n<p>        <img decoding=\"async\" src=\"\/wp-content\/uploads\/emocionat-home.jpg\" alt=\"\"><\/p>\n<h3>HABILIDADES SOCIALES\/EMOCIONES<\/h3>\n<p><span class=\"uk-text-primary\">Taller para peque\u00f1os<\/span><\/p>\n<p><a href=\"\/es\/activitats#1\"><\/a><\/p>\n<\/li>\n<li>\n<p>        <img decoding=\"async\" src=\"\/wp-content\/uploads\/emocionat2-home.jpg\" alt=\"\"><\/p>\n<h3>HABILIDADES SOCIALES\/EMOCIONES<\/h3>\n<p><span class=\"uk-text-primary\">Taller para grandes<\/span><\/p>\n<p><a href=\"\/es\/activitats#2\"><\/a><\/p>\n<\/li>\n<\/ul>\n<hr>\n<h2>\u00faltimas <span class=\"uk-text-primary\"> Noticias <\/span><\/h2>\n<h3><a href=\"\/es\/cual-es-el-orden-en-la-adquisicion-de-los-sonidos\/\">\u00bfCU\u00c1L ES EL ORDEN EN LA ADQUISICI\u00d3N DE LOS SONIDOS?<\/a><\/h3>\n<div>4 marzo, 2019<\/div>\n<p><a href=\"\/es\/cual-es-el-orden-en-la-adquisicion-de-los-sonidos\/\"><img decoding=\"async\" src=\"\/wp-content\/uploads\/adquisicio-dels-sons.jpg\" alt=\"\"><\/a><\/p>\n<h3><a href=\"\/es\/deglucion-atipica-que-es-como-afecta-y-que-hacer\/\">La degluci\u00f3n at\u00edpica: qu\u00e9 es, c\u00f3mo afecta y qu\u00e9 hacer<\/a><\/h3>\n<div>9 enero, 2019<\/div>\n<p><a href=\"\/es\/deglucion-atipica-que-es-como-afecta-y-que-hacer\/\"><img decoding=\"async\" src=\"\/wp-content\/uploads\/deglucio-atipica.jpg\" alt=\"\"><\/a><\/p>\n<hr>\n<h2>D\u00f3nde<br class=\"uk-visible@m\" \/><span class=\"uk-text-primary\"> Estamos<\/span><\/h2>\n<p><img decoding=\"async\" src=\"\/wp-content\/uploads\/home-contacte.jpg\" alt=\"Camins Barcelona\"><\/p>\n<ul>\n<li>\n<h3>Camins Poblenou<\/h3>\n<div>\n<p>Calle Bilbao 97<br \/>08005, Barcelona<br \/>93 172 86 05<br \/>info@elscamins.cat<\/p>\n<\/div>\n<p><a href=\"https:\/\/goo.gl\/maps\/yzHt8uCe3gv\">Ver mapa<\/a><\/p>\n<\/li>\n<li>\n<h3>Camins Clot<\/h3>\n<div>\n<p>Calle Bilbao 182<br \/>08020, Barcelona<br \/>93 138 77 41<br \/>info@elscamins.cat<\/p>\n<\/div>\n<p><a href=\"https:\/\/goo.gl\/maps\/1FV46MfCigo\">Ver mapa<\/a><\/p>\n<\/li>\n<\/ul>\n<ul>\n<li>\n        <a href=\"\/es\/contacta\">Contacta<\/a>\n    <\/li>\n<li>\n        <a href=\"tel:644379380\">M\u00f3vil: 644 379 380<\/a>\n    <\/li>\n<\/ul>\n<p><!--more--><br \/>\n<!-- {\"name\":\"Inici CAT\",\"type\":\"layout\",\"children\":[{\"name\":\"Hero\",\"type\":\"section\",\"props\":{\"animation\":\"slide-top\",\"animation_delay\":\"200\",\"header_transparent\":\"light\",\"header_transparent_noplaceholder\":true,\"height\":\"percent\",\"image\":\"wp-content\\\/uploads\\\/BACKGROUND-TEXTURA-VERDE-HEADER.jpg\",\"image_position\":\"center-center\",\"image_size\":\"cover\",\"image_width\":\"1980\",\"overlap\":false,\"padding_remove_bottom\":false,\"style\":\"default\",\"title_breakpoint\":\"\",\"title_position\":\"top-left\",\"title_rotation\":\"left\",\"vertical_align\":\"\",\"width\":\"expand\"},\"children\":[{\"type\":\"row\",\"children\":[{\"type\":\"column\",\"props\":{\"image_position\":\"center-center\",\"position_sticky_breakpoint\":\"m\"}}]},{\"type\":\"row\",\"props\":{\"divider\":false,\"layout\":\"2-3,1-3\",\"vertical_align\":true,\"width\":\"default\"},\"children\":[{\"type\":\"column\",\"props\":{\"image_position\":\"center-center\",\"position_sticky_breakpoint\":\"m\",\"text_color\":\"light\",\"vertical_align\":\"middle\",\"width_small\":\"2-3\"},\"children\":[{\"type\":\"headline\",\"props\":{\"content\":\"Velamos por vuestro bienestar\",\"margin\":\"xlarge\",\"margin_remove_bottom\":true,\"maxwidth\":\"xlarge\",\"title_element\":\"h1\",\"title_style\":\"heading-small\"}},{\"type\":\"button\",\"props\":{\"grid_column_gap\":\"small\",\"grid_row_gap\":\"small\",\"margin\":\"default\"},\"children\":[{\"type\":\"button_item\",\"props\":{\"button_style\":\"secondary\",\"content\":\"Nosotros\",\"icon_align\":\"left\",\"link\":\"\\\/es\\\/nosaltres\\\/\"}}]},{\"type\":\"text\",\"props\":{\"column_breakpoint\":\"\",\"content\":\"\n\n<p>C\\u00f3digo Registro de Centros, Servicios y Establecimentos Sanitarios del Departament de Salut: E08606909<\\\/p>\",\"margin\":\"default\",\"text_style\":\"meta\"}}]},{\"type\":\"column\",\"props\":{\"image_position\":\"center-center\",\"position_sticky_breakpoint\":\"m\",\"vertical_align\":\"middle\",\"width_small\":\"1-3\"},\"children\":[{\"type\":\"image\",\"props\":{\"animation\":\"parallax\",\"image\":\"wp-content\\\/uploads\\\/Portada-castella-Joan-Turu.png\",\"image_alt\":\"Camins - Barcelona\",\"image_svg_color\":\"emphasis\",\"image_width\":\"225\",\"margin\":\"xlarge\",\"margin_remove_bottom\":true,\"margin_remove_top\":false,\"parallax_breakpoint\":\"m\",\"parallax_easing\":\"1\",\"parallax_scale\":\"1,2\",\"parallax_target\":\"!.uk-section\",\"parallax_y\":\"100,200\",\"visibility\":\"s\"}},{\"type\":\"image\",\"props\":{\"animation\":\"parallax\",\"image\":\"wp-content\\\/uploads\\\/home-nena-camins.png\",\"image_svg_color\":\"emphasis\",\"image_width\":\"390\",\"margin\":\"remove-vertical\",\"parallax_breakpoint\":\"s\",\"parallax_easing\":0.1,\"parallax_scale\":\"1,0.7\",\"parallax_target\":\"!.uk-section\",\"parallax_y\":\"100,340\"}}]}]}]},{\"name\":\"Services\",\"type\":\"section\",\"props\":{\"animation\":\"fade\",\"animation_delay\":\"200\",\"image_position\":\"center-center\",\"padding\":\"large\",\"padding_remove_bottom\":false,\"style\":\"default\",\"title_breakpoint\":\"xl\",\"title_position\":\"top-left\",\"title_rotation\":\"left\",\"vertical_align\":\"middle\",\"width\":\"xlarge\"},\"children\":[{\"type\":\"row\",\"props\":{\"margin\":\"xlarge\",\"vertical_align\":false,\"width\":\"default\"},\"children\":[{\"type\":\"column\",\"props\":{\"image_position\":\"center-center\",\"position_sticky_breakpoint\":\"m\",\"width_medium\":\"1-1\"},\"children\":[{\"type\":\"divider\",\"props\":{\"divider_element\":\"hr\",\"divider_style\":\"small\"}},{\"type\":\"headline\",\"props\":{\"content\":\"NUESTROS SERVICIOS\",\"margin_remove_bottom\":true,\"title_element\":\"h2\",\"title_style\":\"heading-small\"}}]}]},{\"type\":\"row\",\"props\":{\"margin\":\"xlarge\",\"width\":\"small\"},\"children\":[{\"type\":\"column\",\"props\":{\"image_position\":\"center-center\",\"position_sticky_breakpoint\":\"m\",\"width_medium\":\"1-1\"},\"children\":[{\"name\":\"Galeria serveis home\",\"type\":\"gallery\",\"props\":{\"animation\":\"fade\",\"filter_align\":\"left\",\"filter_all\":true,\"filter_grid_breakpoint\":\"m\",\"filter_grid_width\":\"auto\",\"filter_position\":\"top\",\"filter_style\":\"tab\",\"grid_column_gap\":\"large\",\"grid_default\":\"1\",\"grid_divider\":false,\"grid_masonry\":false,\"grid_medium\":\"\",\"grid_mode\":\"parallax\",\"grid_parallax_y\":\"200\",\"grid_row_gap\":\"large\",\"grid_small\":\"3\",\"image_orientation\":false,\"image_width\":\"629\",\"item_animation\":true,\"link_style\":\"default\",\"link_text\":\"\",\"margin\":\"default\",\"meta_align\":\"below-title\",\"meta_element\":\"div\",\"meta_margin\":\"small\",\"meta_style\":\"muted\",\"overlay_hover\":false,\"overlay_link\":true,\"overlay_maxwidth\":\"medium\",\"overlay_mode\":\"caption\",\"overlay_padding\":\"small\",\"overlay_position\":\"bottom-center\",\"overlay_style\":\"tile-primary\",\"overlay_transition\":\"fade\",\"overlay_transition_background\":false,\"parallax_easing\":\"1\",\"show_content\":true,\"show_hover_image\":true,\"show_link\":true,\"show_meta\":true,\"show_title\":true,\"text_align\":\"center\",\"text_color\":\"light\",\"title_element\":\"h3\",\"title_hover_style\":\"reset\"},\"children\":[{\"type\":\"gallery_item\",\"props\":{\"hover_image\":\"wp-content\\\/uploads\\\/LOGOPEDIA_VERDE.jpg\",\"image\":\"wp-content\\\/uploads\\\/LOGOPEDIA_COLOR.jpg\",\"image_alt\":\"LOGOPEDIA Barcelona\",\"link\":\"\\\/es\\\/servicios\\\/logopedia\\\/\",\"meta\":\"\",\"text_color_hover\":false,\"title\":\"LOGOPEDIA\"}},{\"type\":\"gallery_item\",\"props\":{\"hover_image\":\"wp-content\\\/uploads\\\/PSICOLOGIA_VERD.jpg\",\"image\":\"wp-content\\\/uploads\\\/PSICOLOGIA_COLOR.jpg\",\"image_alt\":\"PSICOLOGIA INFANTIL BARCELONA\",\"link\":\"\\\/es\\\/servicios\\\/psicologia\\\/\",\"meta\":\"\",\"text_color_hover\":false,\"title\":\"PSICOLOG\\u00cdA\"}},{\"type\":\"gallery_item\",\"props\":{\"hover_image\":\"wp-content\\\/uploads\\\/SERVEIS-ESTRATEGICS-VERD-2.jpg\",\"image\":\"wp-content\\\/uploads\\\/SERVEIS-ESTRATEGICS-3.jpg\",\"image_alt\":\"PSICOPEDAGOGIA BARCELONA\",\"link\":\"\\\/es\\\/servicios\\\/estrategias-aprendizaje\\\/\",\"meta\":\"\",\"title\":\"ESTRATEGIAS DE APRENDIZAJE\"}}]}]}]}]},{\"name\":\"About\",\"type\":\"section\",\"props\":{\"image\":\"wp-content\\\/uploads\\\/papallona.png\",\"image_effect\":\"parallax\",\"image_parallax_bgx\":\"-150,-450\",\"image_parallax_easing\":\"1\",\"image_position\":\"top-center\",\"image_width\":\"150\",\"media_visibility\":\"m\",\"style\":\"default\",\"title_breakpoint\":\"xl\",\"title_position\":\"center-left\",\"title_rotation\":\"left\",\"vertical_align\":\"middle\",\"width\":\"default\"},\"children\":[{\"type\":\"row\",\"children\":[{\"type\":\"column\",\"props\":{\"image_position\":\"center-center\",\"position_sticky_breakpoint\":\"m\",\"width_medium\":\"1-1\"},\"children\":[{\"type\":\"headline\",\"props\":{\"content\":\"C\\u00f3mo lo hacemos\",\"text_align\":\"right\",\"title_decoration\":\"line\",\"title_element\":\"h2\",\"title_style\":\"heading-small\"}}]}]},{\"type\":\"row\",\"children\":[{\"type\":\"column\",\"props\":{\"image_position\":\"center-center\",\"position_sticky_breakpoint\":\"m\",\"width_medium\":\"1-1\"}}]},{\"type\":\"row\",\"props\":{\"column_gap\":\"large\",\"layout\":\"1-2,1-2\",\"row_gap\":\"large\",\"vertical_align\":true},\"children\":[{\"type\":\"column\",\"props\":{\"image_position\":\"top-right\",\"position_sticky_breakpoint\":\"m\",\"vertical_align\":\"middle\",\"width_small\":\"1-2\"},\"children\":[{\"type\":\"headline\",\"props\":{\"content\":\"Talante\\u00a0cercano, profesional e implicado.\",\"css\":\"@media (max-width: 500px) {\\n    .el-element {font-size: 26px;}\\n}\",\"margin\":\"medium\",\"title_element\":\"h3\",\"title_style\":\"h1\"}},{\"type\":\"text\",\"props\":{\"column_breakpoint\":\"m\",\"content\":\"\n\n<p>Para hacer que el aprendizaje y evoluci\\u00f3n de cada ni\\u00f1o funcione correctamente.<\\\/p>\",\"margin\":\"default\"}},{\"type\":\"button\",\"props\":{\"grid_column_gap\":\"small\",\"grid_row_gap\":\"small\",\"margin\":\"medium\"},\"children\":[{\"type\":\"button_item\",\"props\":{\"button_style\":\"default\",\"content\":\"Metodolog\\u00eda\",\"icon_align\":\"left\",\"link\":\"\\\/es\\\/metodologia\\\/\"}}]}]},{\"type\":\"column\",\"props\":{\"image_position\":\"center-center\",\"position_sticky_breakpoint\":\"m\",\"vertical_align\":\"middle\",\"width_small\":\"1-2\"},\"children\":[{\"type\":\"panel\",\"props\":{\"block_align\":\"right\",\"content\":\"\",\"content_column_breakpoint\":\"m\",\"icon_width\":80,\"image\":\"wp-content\\\/uploads\\\/home-metodologia.jpg\",\"image_align\":\"top\",\"image_grid_breakpoint\":\"m\",\"image_grid_width\":\"1-2\",\"image_link\":true,\"image_svg_color\":\"emphasis\",\"link\":\"\\\/metodologia\\\/\",\"link_style\":\"default\",\"link_text\":\"\",\"margin\":\"default\",\"maxwidth\":\"large\",\"maxwidth_breakpoint\":\"m\",\"meta\":\"\",\"meta_align\":\"below-title\",\"meta_color\":\"muted\",\"meta_element\":\"div\",\"meta_style\":\"\",\"text_align\":\"right\",\"text_align_breakpoint\":\"m\",\"title_align\":\"top\",\"title_element\":\"h3\",\"title_grid_breakpoint\":\"m\",\"title_grid_width\":\"1-2\",\"title_hover_style\":\"reset\",\"title_link\":true}}]}]},{\"type\":\"row\",\"props\":{\"margin\":\"xlarge\"},\"children\":[{\"type\":\"column\",\"props\":{\"image_position\":\"center-center\",\"position_sticky_breakpoint\":\"m\",\"width_medium\":\"1-1\"},\"children\":[{\"type\":\"grid\",\"props\":{\"content_column_breakpoint\":\"m\",\"filter_align\":\"left\",\"filter_all\":true,\"filter_grid_breakpoint\":\"m\",\"filter_grid_width\":\"auto\",\"filter_position\":\"top\",\"filter_style\":\"tab\",\"grid_default\":\"1\",\"grid_medium\":\"3\",\"grid_small\":\"2\",\"icon_width\":80,\"image_align\":\"top\",\"image_grid_breakpoint\":\"m\",\"image_grid_width\":\"1-2\",\"image_svg_color\":\"emphasis\",\"item_animation\":true,\"link_style\":\"default\",\"link_text\":\"Read more\",\"margin\":\"default\",\"meta_align\":\"below-title\",\"meta_element\":\"div\",\"meta_style\":\"text-meta\",\"parallax_easing\":\"1\",\"show_content\":true,\"show_image\":true,\"show_link\":true,\"show_meta\":true,\"show_title\":true,\"title_align\":\"top\",\"title_decoration\":\"bullet\",\"title_element\":\"h3\",\"title_grid_breakpoint\":\"m\",\"title_grid_width\":\"1-2\",\"title_hover_style\":\"reset\",\"title_style\":\"h4\"},\"children\":[{\"type\":\"grid_item\",\"props\":{\"content\":\"\n\n<p>Pod\\u00e9is disfrutar de descuentos especiales por familia numerosa, monoparental, desempleo, disminuci\\u00f3n o hermanos. Preg\\u00fantanos.<\\\/p>\",\"title\":\" Descuentos para familias\"}},{\"type\":\"grid_item\",\"props\":{\"content\":\"\n\n<p>App's de tablets y software para mejorar la calidad de aprendizaje y apoyo.<\\\/p>\",\"title\":\" Uso de nuevas tecnolog\\u00edas\"}},{\"type\":\"grid_item\",\"props\":{\"content\":\"\n\n<p>Cada ni\\u00f1o tiene su ritmo y su manera de alcanzar los conocimientos.\\u00a0Por ello, hacemos planes individualizados de servicio y acompa\\u00f1amiento seg\\u00fan las necesidades de cada momento.<\\\/p>\",\"title\":\"Atenci\\u00f3n personalizada\"}}]}]}]}]},{\"name\":\"Courses\",\"type\":\"section\",\"props\":{\"animation\":\"fade\",\"image_position\":\"center-center\",\"padding\":\"large\",\"style\":\"default\",\"title_breakpoint\":\"xl\",\"title_position\":\"top-left\",\"title_rotation\":\"left\",\"vertical_align\":\"middle\",\"width\":\"expand\"},\"children\":[{\"type\":\"row\",\"props\":{\"layout\":\"1-2,1-2\",\"margin\":\"xlarge\",\"width\":\"default\"},\"children\":[{\"type\":\"column\",\"props\":{\"image_position\":\"center-center\",\"position_sticky_breakpoint\":\"m\",\"width_medium\":\"1-2\"},\"children\":[{\"type\":\"divider\",\"props\":{\"divider_element\":\"hr\",\"divider_style\":\"small\"}},{\"type\":\"headline\",\"props\":{\"content\":\"<span class=\\\"uk-text-primary\\\">Actividades <\\\/span> \",\"maxwidth\":\"xlarge\",\"title_element\":\"h2\",\"title_style\":\"h1\"}}]},{\"type\":\"column\",\"props\":{\"image_position\":\"center-center\",\"position_sticky_breakpoint\":\"m\",\"style\":\"tile-muted\",\"width_medium\":\"1-2\"},\"children\":[{\"type\":\"text\",\"props\":{\"block_align\":\"center\",\"column_breakpoint\":\"m\",\"content\":\"\n\n<p>\\u00a0<\\\/p>\\n\n\n<p>No te pierdas las actividades que organizamos para aumentar las habilidades sociales y mejorar la gesti\\u00f3n de las emociones.<\\\/p>\\n\n\n<p><strong>\\u00a1Inscripciones abiertas!<\\\/strong><\\\/p>\",\"margin\":\"medium\",\"maxwidth\":\"large\",\"maxwidth_breakpoint\":\"m\",\"text_style\":\"lead\"}}]}]},{\"type\":\"row\",\"props\":{\"width\":\"small\"},\"children\":[{\"type\":\"column\",\"props\":{\"image_position\":\"center-center\",\"position_sticky_breakpoint\":\"m\",\"width_medium\":\"1-1\"},\"children\":[{\"name\":\"Enlla\\u00e7 a tallers des de Inici\",\"type\":\"overlay-slider\",\"props\":{\"image_transition\":\"scale-up\",\"image_width\":\"610\",\"link_style\":\"default\",\"link_text\":\"\",\"margin\":\"default\",\"meta_align\":\"above-title\",\"meta_element\":\"div\",\"meta_style\":\"text-meta\",\"nav\":\"\",\"nav_align\":\"center\",\"nav_breakpoint\":\"s\",\"overlay_hover\":false,\"overlay_link\":true,\"overlay_maxwidth\":\"medium\",\"overlay_mode\":\"caption\",\"overlay_padding\":\"small\",\"overlay_position\":\"bottom-left\",\"overlay_style\":\"tile-default\",\"overlay_transition\":\"fade\",\"show_content\":true,\"show_hover_image\":true,\"show_link\":true,\"show_meta\":true,\"show_title\":true,\"slidenav\":\"\",\"slidenav_breakpoint\":\"s\",\"slidenav_margin\":\"medium\",\"slidenav_outside_breakpoint\":\"xl\",\"slider_autoplay\":true,\"slider_autoplay_interval\":\"7\",\"slider_autoplay_pause\":true,\"slider_center\":false,\"slider_divider\":false,\"slider_gap\":\"default\",\"slider_sets\":false,\"slider_velocity\":0.2,\"slider_width\":\"fixed\",\"slider_width_default\":\"1-1\",\"slider_width_medium\":\"\",\"slider_width_small\":\"1-2\",\"text_align\":\"left\",\"title_element\":\"h3\",\"title_hover_style\":\"reset\",\"title_margin\":\"small\",\"title_style\":\"h5\"},\"children\":[{\"type\":\"overlay-slider_item\",\"props\":{\"image\":\"wp-content\\\/uploads\\\/emocionat-home.jpg\",\"link\":\"\\\/es\\\/activitats#1\",\"meta\":\"<span class=\\\"uk-text-primary\\\">Taller para peque\\u00f1os<\\\/span>\",\"title\":\"HABILIDADES SOCIALES\\\/EMOCIONES\"}},{\"type\":\"overlay-slider_item\",\"props\":{\"image\":\"wp-content\\\/uploads\\\/emocionat2-home.jpg\",\"link\":\"\\\/es\\\/activitats#2\",\"meta\":\"<span class=\\\"uk-text-primary\\\">Taller para grandes<\\\/span>\",\"title\":\"HABILIDADES SOCIALES\\\/EMOCIONES\"}}]}]}]}]},{\"name\":\"ULTIMAS NOTICIAS\",\"type\":\"section\",\"props\":{\"image_position\":\"center-center\",\"style\":\"muted\",\"title_breakpoint\":\"xl\",\"title_position\":\"top-left\",\"title_rotation\":\"left\",\"vertical_align\":\"middle\",\"width\":\"default\"},\"children\":[{\"type\":\"row\",\"children\":[{\"type\":\"column\",\"props\":{\"image_position\":\"center-center\",\"position_sticky_breakpoint\":\"m\",\"width_medium\":\"1-1\"},\"children\":[{\"type\":\"divider\",\"props\":{\"divider_element\":\"hr\",\"divider_style\":\"small\"}},{\"type\":\"headline\",\"props\":{\"content\":\"\\u00faltimas <span class=\\\"uk-text-primary\\\"> Noticias <\\\/span>\",\"text_align\":\"left\",\"title_element\":\"h2\",\"title_style\":\"heading-small\"}}]}]},{\"type\":\"row\",\"props\":{\"layout\":\"expand,large\",\"vertical_align\":true,\"width\":\"default\"},\"children\":[{\"type\":\"column\",\"props\":{\"image_position\":\"center-center\",\"position_sticky_breakpoint\":\"m\",\"vertical_align\":\"middle\",\"width_medium\":\"expand\"},\"children\":[{\"type\":\"headline\",\"props\":{\"content\":\"\\u00bfCU\\u00c1L ES EL ORDEN EN LA ADQUISICI\\u00d3N DE LOS SONIDOS?\",\"link\":\"\\\/es\\\/cual-es-el-orden-en-la-adquisicion-de-los-sonidos\\\/\",\"margin\":\"medium\",\"maxwidth\":\"xlarge\",\"title_element\":\"h3\",\"title_style\":\"h3\"}},{\"type\":\"text\",\"props\":{\"column_breakpoint\":\"m\",\"content\":\"4 marzo, 2019\",\"margin\":\"default\",\"text_color\":\"muted\"}}]},{\"type\":\"column\",\"props\":{\"image_position\":\"center-center\",\"position_sticky_breakpoint\":\"m\",\"vertical_align\":\"middle\",\"width_medium\":\"xlarge\"},\"children\":[{\"type\":\"image\",\"props\":{\"image\":\"wp-content\\\/uploads\\\/adquisicio-dels-sons.jpg\",\"image_svg_color\":\"emphasis\",\"link\":\"\\\/es\\\/cual-es-el-orden-en-la-adquisicion-de-los-sonidos\\\/\",\"margin\":\"default\"}}]}]},{\"type\":\"row\",\"props\":{\"layout\":\"expand,large\",\"vertical_align\":true,\"width\":\"default\"},\"children\":[{\"type\":\"column\",\"props\":{\"image_position\":\"center-center\",\"position_sticky_breakpoint\":\"m\",\"vertical_align\":\"middle\",\"width_medium\":\"expand\"},\"children\":[{\"type\":\"headline\",\"props\":{\"content\":\"La degluci\\u00f3n at\\u00edpica: qu\\u00e9 es, c\\u00f3mo afecta y qu\\u00e9 hacer\",\"link\":\"\\\/es\\\/deglucion-atipica-que-es-como-afecta-y-que-hacer\\\/\",\"margin\":\"medium\",\"maxwidth\":\"xlarge\",\"title_element\":\"h3\",\"title_style\":\"h3\"}},{\"type\":\"text\",\"props\":{\"column_breakpoint\":\"m\",\"content\":\"9 enero, 2019\",\"margin\":\"default\",\"text_color\":\"muted\"}}]},{\"type\":\"column\",\"props\":{\"image_position\":\"center-center\",\"position_sticky_breakpoint\":\"m\",\"vertical_align\":\"middle\",\"width_medium\":\"xlarge\"},\"children\":[{\"type\":\"image\",\"props\":{\"image\":\"wp-content\\\/uploads\\\/deglucio-atipica.jpg\",\"image_svg_color\":\"emphasis\",\"link\":\"\\\/es\\\/deglucion-atipica-que-es-como-afecta-y-que-hacer\\\/\",\"margin\":\"default\"}}]}]}]},{\"name\":\"Contact\",\"type\":\"section\",\"props\":{\"image_position\":\"center-center\",\"padding\":\"small\",\"style\":\"default\",\"title\":\"Contact Us\",\"title_breakpoint\":\"xl\",\"title_position\":\"center-right\",\"title_rotation\":\"left\",\"vertical_align\":\"middle\",\"width\":\"xlarge\"},\"children\":[{\"type\":\"row\",\"props\":{\"vertical_align\":false,\"width\":\"default\"},\"children\":[{\"type\":\"column\",\"props\":{\"image_position\":\"center-center\",\"position_sticky_breakpoint\":\"m\",\"width_medium\":\"1-1\"},\"children\":[{\"type\":\"divider\",\"props\":{\"divider_align\":\"right\",\"divider_element\":\"hr\",\"divider_style\":\"small\"}},{\"type\":\"headline\",\"props\":{\"content\":\"D\\u00f3nde<br class=\\\"uk-visible@m\\\" \\\/><span class=\\\"uk-text-primary\\\"> Estamos<\\\/span>\",\"text_align\":\"right\",\"title_element\":\"h2\",\"title_style\":\"heading-small\"}}]}]},{\"type\":\"row\",\"children\":[{\"type\":\"column\",\"props\":{\"image_position\":\"center-center\",\"position_sticky_breakpoint\":\"m\",\"width_medium\":\"1-1\"}}]},{\"type\":\"row\",\"props\":{\"column_gap\":\"large\",\"layout\":\"1-2,1-2\",\"margin_remove_bottom\":false,\"margin_remove_top\":false,\"row_gap\":\"large\",\"vertical_align\":true,\"width\":\"expand\"},\"children\":[{\"type\":\"column\",\"props\":{\"image_position\":\"center-center\",\"image_size\":\"cover\",\"padding\":\"none\",\"position_sticky_breakpoint\":\"m\",\"style\":\"tile-default\",\"vertical_align\":\"middle\",\"width_medium\":\"1-2\"},\"children\":[{\"type\":\"image\",\"props\":{\"image\":\"wp-content\\\/uploads\\\/home-contacte.jpg\",\"image_alt\":\"Camins Barcelona\",\"image_box_shadow\":\"xlarge\",\"image_svg_color\":\"emphasis\",\"image_width\":\"899\",\"margin\":\"default\"}}]},{\"type\":\"column\",\"props\":{\"image_position\":\"center-center\",\"position_sticky_breakpoint\":\"m\",\"vertical_align\":\"middle\",\"width_medium\":\"1-2\"},\"children\":[{\"type\":\"grid\",\"props\":{\"content_column_breakpoint\":\"m\",\"filter_align\":\"left\",\"filter_all\":true,\"filter_grid_breakpoint\":\"m\",\"filter_grid_width\":\"auto\",\"filter_position\":\"top\",\"filter_style\":\"tab\",\"grid_default\":\"1\",\"grid_medium\":\"\",\"grid_small\":\"2\",\"icon_width\":80,\"image_align\":\"top\",\"image_grid_breakpoint\":\"m\",\"image_grid_width\":\"1-2\",\"image_svg_color\":\"emphasis\",\"item_animation\":true,\"link_style\":\"text\",\"link_target\":true,\"link_text\":\"Ver mapa\",\"margin\":\"default\",\"meta_align\":\"below-title\",\"meta_element\":\"div\",\"meta_style\":\"text-meta\",\"parallax_easing\":\"1\",\"show_content\":true,\"show_image\":true,\"show_link\":true,\"show_meta\":true,\"show_title\":true,\"title_align\":\"top\",\"title_element\":\"h3\",\"title_grid_breakpoint\":\"m\",\"title_grid_width\":\"1-2\",\"title_hover_style\":\"reset\"},\"children\":[{\"type\":\"grid_item\",\"props\":{\"content\":\"\n\n<p>Calle Bilbao 97<br \\\/>08005, Barcelona<br \\\/>93 172 86 05<br \\\/>info@elscamins.cat<\\\/p>\",\"link\":\"https:\\\/\\\/goo.gl\\\/maps\\\/yzHt8uCe3gv\",\"title\":\"Camins Poblenou\"}},{\"type\":\"grid_item\",\"props\":{\"content\":\"\n\n<p>Calle Bilbao 182<br \\\/>08020, Barcelona<br \\\/>93 138 77 41<br \\\/>info@elscamins.cat<\\\/p>\",\"link\":\"https:\\\/\\\/goo.gl\\\/maps\\\/1FV46MfCigo\",\"title\":\"Camins Clot\"}}]},{\"type\":\"button\",\"props\":{\"grid_column_gap\":\"small\",\"grid_row_gap\":\"small\",\"margin\":\"medium\"},\"children\":[{\"type\":\"button_item\",\"props\":{\"button_style\":\"default\",\"content\":\"Contacta\",\"icon_align\":\"left\",\"link\":\"\\\/es\\\/contacta\"}},{\"type\":\"button_item\",\"props\":{\"button_style\":\"\",\"content\":\"M\\u00f3vil: 644 379 380\",\"icon_align\":\"left\",\"link\":\"tel:644379380\"}}]}]}]}]}],\"version\":\"4.0.13\"} --><\/p>\n","protected":false},"excerpt":{"rendered":"<p>Velamos por vuestro bienestar Nosotros C\u00f3digo Registro de Centros, Servicios y Establecimentos Sanitarios del Departament de Salut: E08606909 NUESTROS SERVICIOS LOGOPEDIA PSICOLOG\u00cdA ESTRATEGIAS DE APRENDIZAJE C\u00f3mo lo hacemos Talante\u00a0cercano, profesional e implicado. Para hacer que el aprendizaje y evoluci\u00f3n de cada ni\u00f1o funcione correctamente. Metodolog\u00eda Descuentos para familias Pod\u00e9is disfrutar de descuentos especiales por familia [&hellip;]<\/p>\n","protected":false},"author":1,"featured_media":0,"parent":0,"menu_order":10,"comment_status":"closed","ping_status":"closed","template":"","meta":{"footnotes":""},"class_list":["post-1133","page","type-page","status-publish","hentry"],"yoast_head":"<!-- This site is optimized with the Yoast SEO plugin v27.4 - https:\/\/yoast.com\/product\/yoast-seo-wordpress\/ -->\n<title>Inicio - Els Camins - Logopedia, Psicolog\u00eda y estrategias de aprendizaje<\/title>\n<meta name=\"description\" content=\"Logopedia, psicolog\u00eda y estragegias de aprendizaje de la mano de un equipo experto que ofrece respuestas y soluciones a ni\u00f1os, fam\u00edlias y escuelas.\" \/>\n<meta name=\"robots\" content=\"index, follow, max-snippet:-1, max-image-preview:large, max-video-preview:-1\" \/>\n<link rel=\"canonical\" href=\"https:\/\/elscamins.cat\/es\/\" \/>\n<meta property=\"og:locale\" content=\"es_ES\" \/>\n<meta property=\"og:type\" content=\"article\" \/>\n<meta property=\"og:title\" content=\"Inicio - Els Camins - Logopedia, Psicolog\u00eda y estrategias de aprendizaje\" \/>\n<meta property=\"og:description\" content=\"Logopedia, psicolog\u00eda y estragegias de aprendizaje de la mano de un equipo experto que ofrece respuestas y soluciones a ni\u00f1os, fam\u00edlias y escuelas.\" \/>\n<meta property=\"og:url\" content=\"https:\/\/elscamins.cat\/es\/\" \/>\n<meta property=\"og:site_name\" content=\"Els Camins\" \/>\n<meta property=\"article:publisher\" content=\"https:\/\/www.facebook.com\/caminslogopediaipsicologia\" \/>\n<meta property=\"article:modified_time\" content=\"2023-10-02T09:26:00+00:00\" \/>\n<meta name=\"twitter:card\" content=\"summary_large_image\" \/>\n<meta name=\"twitter:site\" content=\"@caminspoblenou\" \/>\n<meta name=\"twitter:label1\" content=\"Tiempo de lectura\" \/>\n\t<meta name=\"twitter:data1\" content=\"1 minuto\" \/>\n<script type=\"application\/ld+json\" class=\"yoast-schema-graph\">{\"@context\":\"https:\\\/\\\/schema.org\",\"@graph\":[{\"@type\":\"WebPage\",\"@id\":\"https:\\\/\\\/elscamins.cat\\\/es\\\/\",\"url\":\"https:\\\/\\\/elscamins.cat\\\/es\\\/\",\"name\":\"Inicio - Els Camins - Logopedia, Psicolog\u00eda y estrategias de aprendizaje\",\"isPartOf\":{\"@id\":\"https:\\\/\\\/elscamins.cat\\\/#website\"},\"datePublished\":\"2018-10-16T09:11:06+00:00\",\"dateModified\":\"2023-10-02T09:26:00+00:00\",\"description\":\"Logopedia, psicolog\u00eda y estragegias de aprendizaje de la mano de un equipo experto que ofrece respuestas y soluciones a ni\u00f1os, fam\u00edlias y escuelas.\",\"breadcrumb\":{\"@id\":\"https:\\\/\\\/elscamins.cat\\\/es\\\/#breadcrumb\"},\"inLanguage\":\"es\",\"potentialAction\":[{\"@type\":\"ReadAction\",\"target\":[\"https:\\\/\\\/elscamins.cat\\\/es\\\/\"]}]},{\"@type\":\"BreadcrumbList\",\"@id\":\"https:\\\/\\\/elscamins.cat\\\/es\\\/#breadcrumb\",\"itemListElement\":[{\"@type\":\"ListItem\",\"position\":1,\"name\":\"Inici\",\"item\":\"https:\\\/\\\/elscamins.cat\\\/es\\\/\"},{\"@type\":\"ListItem\",\"position\":2,\"name\":\"Inicio\"}]},{\"@type\":\"WebSite\",\"@id\":\"https:\\\/\\\/elscamins.cat\\\/#website\",\"url\":\"https:\\\/\\\/elscamins.cat\\\/\",\"name\":\"Els Camins\",\"description\":\"Logop\u00e8dia, Psicologia i Dificultats d\u2019Aprenentatge\",\"publisher\":{\"@id\":\"https:\\\/\\\/elscamins.cat\\\/#organization\"},\"potentialAction\":[{\"@type\":\"SearchAction\",\"target\":{\"@type\":\"EntryPoint\",\"urlTemplate\":\"https:\\\/\\\/elscamins.cat\\\/?s={search_term_string}\"},\"query-input\":{\"@type\":\"PropertyValueSpecification\",\"valueRequired\":true,\"valueName\":\"search_term_string\"}}],\"inLanguage\":\"es\"},{\"@type\":\"Organization\",\"@id\":\"https:\\\/\\\/elscamins.cat\\\/#organization\",\"name\":\"Els Camins\",\"url\":\"https:\\\/\\\/elscamins.cat\\\/\",\"logo\":{\"@type\":\"ImageObject\",\"inLanguage\":\"es\",\"@id\":\"https:\\\/\\\/elscamins.cat\\\/#\\\/schema\\\/logo\\\/image\\\/\",\"url\":\"https:\\\/\\\/elscamins.cat\\\/wp-content\\\/uploads\\\/LOGO-HRZ-CAMINS_V2-02-6c4d3568.webp\",\"contentUrl\":\"https:\\\/\\\/elscamins.cat\\\/wp-content\\\/uploads\\\/LOGO-HRZ-CAMINS_V2-02-6c4d3568.webp\",\"width\":300,\"height\":109,\"caption\":\"Els Camins\"},\"image\":{\"@id\":\"https:\\\/\\\/elscamins.cat\\\/#\\\/schema\\\/logo\\\/image\\\/\"},\"sameAs\":[\"https:\\\/\\\/www.facebook.com\\\/caminslogopediaipsicologia\",\"https:\\\/\\\/x.com\\\/caminspoblenou\",\"https:\\\/\\\/www.instagram.com\\\/els_camins\\\/\"]}]}<\/script>\n<!-- \/ Yoast SEO plugin. -->","yoast_head_json":{"title":"Inicio - Els Camins - Logopedia, Psicolog\u00eda y estrategias de aprendizaje","description":"Logopedia, psicolog\u00eda y estragegias de aprendizaje de la mano de un equipo experto que ofrece respuestas y soluciones a ni\u00f1os, fam\u00edlias y escuelas.","robots":{"index":"index","follow":"follow","max-snippet":"max-snippet:-1","max-image-preview":"max-image-preview:large","max-video-preview":"max-video-preview:-1"},"canonical":"https:\/\/elscamins.cat\/es\/","og_locale":"es_ES","og_type":"article","og_title":"Inicio - Els Camins - Logopedia, Psicolog\u00eda y estrategias de aprendizaje","og_description":"Logopedia, psicolog\u00eda y estragegias de aprendizaje de la mano de un equipo experto que ofrece respuestas y soluciones a ni\u00f1os, fam\u00edlias y escuelas.","og_url":"https:\/\/elscamins.cat\/es\/","og_site_name":"Els Camins","article_publisher":"https:\/\/www.facebook.com\/caminslogopediaipsicologia","article_modified_time":"2023-10-02T09:26:00+00:00","twitter_card":"summary_large_image","twitter_site":"@caminspoblenou","twitter_misc":{"Tiempo de lectura":"1 minuto"},"schema":{"@context":"https:\/\/schema.org","@graph":[{"@type":"WebPage","@id":"https:\/\/elscamins.cat\/es\/","url":"https:\/\/elscamins.cat\/es\/","name":"Inicio - Els Camins - Logopedia, Psicolog\u00eda y estrategias de aprendizaje","isPartOf":{"@id":"https:\/\/elscamins.cat\/#website"},"datePublished":"2018-10-16T09:11:06+00:00","dateModified":"2023-10-02T09:26:00+00:00","description":"Logopedia, psicolog\u00eda y estragegias de aprendizaje de la mano de un equipo experto que ofrece respuestas y soluciones a ni\u00f1os, fam\u00edlias y escuelas.","breadcrumb":{"@id":"https:\/\/elscamins.cat\/es\/#breadcrumb"},"inLanguage":"es","potentialAction":[{"@type":"ReadAction","target":["https:\/\/elscamins.cat\/es\/"]}]},{"@type":"BreadcrumbList","@id":"https:\/\/elscamins.cat\/es\/#breadcrumb","itemListElement":[{"@type":"ListItem","position":1,"name":"Inici","item":"https:\/\/elscamins.cat\/es\/"},{"@type":"ListItem","position":2,"name":"Inicio"}]},{"@type":"WebSite","@id":"https:\/\/elscamins.cat\/#website","url":"https:\/\/elscamins.cat\/","name":"Els Camins","description":"Logop\u00e8dia, Psicologia i Dificultats d\u2019Aprenentatge","publisher":{"@id":"https:\/\/elscamins.cat\/#organization"},"potentialAction":[{"@type":"SearchAction","target":{"@type":"EntryPoint","urlTemplate":"https:\/\/elscamins.cat\/?s={search_term_string}"},"query-input":{"@type":"PropertyValueSpecification","valueRequired":true,"valueName":"search_term_string"}}],"inLanguage":"es"},{"@type":"Organization","@id":"https:\/\/elscamins.cat\/#organization","name":"Els Camins","url":"https:\/\/elscamins.cat\/","logo":{"@type":"ImageObject","inLanguage":"es","@id":"https:\/\/elscamins.cat\/#\/schema\/logo\/image\/","url":"https:\/\/elscamins.cat\/wp-content\/uploads\/LOGO-HRZ-CAMINS_V2-02-6c4d3568.webp","contentUrl":"https:\/\/elscamins.cat\/wp-content\/uploads\/LOGO-HRZ-CAMINS_V2-02-6c4d3568.webp","width":300,"height":109,"caption":"Els Camins"},"image":{"@id":"https:\/\/elscamins.cat\/#\/schema\/logo\/image\/"},"sameAs":["https:\/\/www.facebook.com\/caminslogopediaipsicologia","https:\/\/x.com\/caminspoblenou","https:\/\/www.instagram.com\/els_camins\/"]}]}},"_links":{"self":[{"href":"https:\/\/elscamins.cat\/es\/wp-json\/wp\/v2\/pages\/1133","targetHints":{"allow":["GET"]}}],"collection":[{"href":"https:\/\/elscamins.cat\/es\/wp-json\/wp\/v2\/pages"}],"about":[{"href":"https:\/\/elscamins.cat\/es\/wp-json\/wp\/v2\/types\/page"}],"author":[{"embeddable":true,"href":"https:\/\/elscamins.cat\/es\/wp-json\/wp\/v2\/users\/1"}],"replies":[{"embeddable":true,"href":"https:\/\/elscamins.cat\/es\/wp-json\/wp\/v2\/comments?post=1133"}],"version-history":[{"count":0,"href":"https:\/\/elscamins.cat\/es\/wp-json\/wp\/v2\/pages\/1133\/revisions"}],"wp:attachment":[{"href":"https:\/\/elscamins.cat\/es\/wp-json\/wp\/v2\/media?parent=1133"}],"curies":[{"name":"wp","href":"https:\/\/api.w.org\/{rel}","templated":true}]}}